{"id":315,"date":"2021-10-05T15:49:13","date_gmt":"2021-10-05T15:49:13","guid":{"rendered":"http:\/\/agroalimentarias-andalucia.coop\/ruralesyagrarias\/?page_id=315"},"modified":"2021-10-15T14:04:15","modified_gmt":"2021-10-15T14:04:15","slug":"portada","status":"publish","type":"page","link":"https:\/\/agroalimentarias-andalucia.coop\/ruralesyagrarias\/","title":{"rendered":"Portada"},"content":{"rendered":"<div class=\"wpb-content-wrapper\"><p>[vc_row full_width=\u00bbstretch_row_content_no_spaces\u00bb][vc_column][vc_empty_space][\/vc_column][\/vc_row][vc_row full_width=\u00bbstretch_row_content\u00bb gap=\u00bb10&#8243; full_height=\u00bbyes\u00bb][vc_column width=\u00bb1\/4&#8243;][vc_single_image image=\u00bb530&#8243; img_size=\u00bb200&#215;200&#8243; alignment=\u00bbcenter\u00bb style=\u00bbvc_box_shadow_circle_2&#8243; onclick=\u00bbcustom_link\u00bb link=\u00bbhttps:\/\/agroalimentarias-andalucia.coop\/ruralesyagrarias\/carmen-crespo-diaz\/\u00bb][vc_column_text css=\u00bb.vc_custom_1634132235537{margin-top: -20px !important;}\u00bb]<\/p>\n<p style=\"text-align: center;\"><strong>CARMEN CRESPO D\u00cdAZ<br \/>\n<\/strong>Consejera de Agricultura, Ganader\u00eda, Pesca y Desarrollo Sostenible<\/p>\n<p>[\/vc_column_text][vc_column_text css=\u00bb.vc_custom_1634280144501{margin-top: -20px !important;}\u00bb]<\/p>\n<h2 style=\"text-align: center;\"><strong>Hero\u00ednas cuyo papel <\/strong><strong>debe hacerse visible<\/strong><\/h2>\n<p style=\"text-align: justify;\">Las mujeres rurales han sido grandes hero\u00ednas de la pandemia. Han estado en todo momento al pie del ca\u00f1\u00f3n y, ahora que estamos inmersos en la recuperaci\u00f3n econ\u00f3mica y social, tambi\u00e9n es el momento de reconocer el papel clave que desempe\u00f1an en nuestra sociedad.<\/p>\n<p>[\/vc_column_text][vc_btn title=\u00bbSeguir leyendo\u00bb link=\u00bburl:https%3A%2F%2Fagroalimentarias-andalucia.coop%2Fruralesyagrarias%2Fcarmen-crespo-diaz%2F|title:Carmen%20Crespo%20D%C3%ADaz\u00bb][\/vc_column][vc_column width=\u00bb1\/4&#8243;][vc_single_image image=\u00bb526&#8243; img_size=\u00bb200&#215;200&#8243; alignment=\u00bbcenter\u00bb style=\u00bbvc_box_shadow_circle_2&#8243; onclick=\u00bbcustom_link\u00bb link=\u00bbhttps:\/\/agroalimentarias-andalucia.coop\/ruralesyagrarias\/pilar-gomez-fernandez\/\u00bb][vc_column_text css=\u00bb.vc_custom_1634121013708{margin-top: -20px !important;}\u00bb]<\/p>\n<p style=\"text-align: center;\"><strong>PILAR G\u00d3MEZ FERN\u00c1NDEZ<br \/>\n<\/strong>Presidenta de AMCAE-Andaluc\u00eda<\/p>\n<p>[\/vc_column_text][vc_column_text css=\u00bb.vc_custom_1634121025210{margin-top: -20px !important;}\u00bb]<\/p>\n<h2 style=\"text-align: center;\">Rurales y agrarias por convicci\u00f3n<\/h2>\n<p style=\"text-align: justify;\">Cada ma\u00f1ana, cuando inicio las tareas en mi explotaci\u00f3n ganadera, no puedo dejar de sentir cierto orgullo por haber perpetrado el trabajo en el que mi padre se esforz\u00f3 a lo largo de d\u00e9cadas. Es una sensaci\u00f3n que me invade desde hace 30 a\u00f1os, cuando por convicci\u00f3n me convert\u00ed en ganadera.<\/p>\n<p>[\/vc_column_text][vc_btn title=\u00bbSeguir leyendo\u00bb link=\u00bburl:https%3A%2F%2Fagroalimentarias-andalucia.coop%2Fruralesyagrarias%2Fpilar-gomez-fernandez%2F|title:Pilar%20G%C3%B3mez%20Fern%C3%A1ndez\u00bb][\/vc_column][vc_column width=\u00bb1\/4&#8243;][vc_single_image image=\u00bb439&#8243; img_size=\u00bb200&#215;200&#8243; alignment=\u00bbcenter\u00bb style=\u00bbvc_box_shadow_circle_2&#8243; onclick=\u00bbcustom_link\u00bb link=\u00bbhttps:\/\/agroalimentarias-andalucia.coop\/ruralesyagrarias\/jeronima-bonafe\/\u00bb][vc_column_text css=\u00bb.vc_custom_1634279915562{margin-top: -20px !important;}\u00bb]<\/p>\n<p style=\"text-align: center;\"><strong>JER\u00d3NIMA BONAF\u00c9 RAMIS<\/strong><br \/>\nPresidenta de AMCAE<\/p>\n<p>[\/vc_column_text][vc_column_text css=\u00bb.vc_custom_1634280039510{margin-top: -20px !important;}\u00bb]<\/p>\n<h2 style=\"text-align: center;\">La mujer rural, el futuro del sector agroalimentario<\/h2>\n<p style=\"text-align: justify;\">Hoy d\u00eda 15 de octubre celebramos el d\u00eda internacional de la Mujer Rural que en esta ocasi\u00f3n lleva por lema \u00abLa mujer rural, productora de alimentos sanos para todos\u00bb. Un lema a mi juicio muy acertado porque el papel de las agricultoras y ganaderas es producir alimentos sanos y seguros con los que abastecer las necesidades de la sociedad.<\/p>\n<p>[\/vc_column_text][vc_btn title=\u00bbSeguir leyendo\u00bb link=\u00bburl:https%3A%2F%2Fagroalimentarias-andalucia.coop%2Fruralesyagrarias%2Fjeronima-bonafe%2F|title:Jer%C3%B3nima%20Bonaf%C3%A9&#8243;][\/vc_column][vc_column width=\u00bb1\/4&#8243;][vc_single_image image=\u00bb449&#8243; img_size=\u00bb200&#215;200&#8243; alignment=\u00bbcenter\u00bb style=\u00bbvc_box_shadow_circle_2&#8243; onclick=\u00bbcustom_link\u00bb link=\u00bbhttps:\/\/agroalimentarias-andalucia.coop\/ruralesyagrarias\/rocio-ruiz-dominguez\/\u00bb][vc_column_text css=\u00bb.vc_custom_1634280052446{margin-top: -20px !important;}\u00bb]<\/p>\n<p style=\"text-align: center;\"><strong>ROC\u00cdO RUIZ DOM\u00cdNGUEZ<br \/>\n<\/strong>Consejera de Igualdad, Pol\u00edticas Sociales<br \/>\ny Conciliaci\u00f3n<\/p>\n<p>[\/vc_column_text][vc_column_text css=\u00bb.vc_custom_1634280151070{margin-top: -20px !important;}\u00bb]<\/p>\n<h2 style=\"text-align: center;\">La reivindicaci\u00f3n de las mujeres rurales<\/h2>\n<p style=\"text-align: justify;\">Hoy celebramos el D\u00eda Internacional de las Mujeres Rurales con un doble objetivo: reconocer el papel decisivo de las mujeres en el desarrollo, transformaci\u00f3n social y erradicaci\u00f3n de la pobreza en el medio rural, as\u00ed como hacer visible su aportaci\u00f3n a la vida social y econ\u00f3mica de estos municipios y aldeas.<\/p>\n<p>[\/vc_column_text][vc_btn title=\u00bbSeguir leyendo\u00bb link=\u00bburl:https%3A%2F%2Fagroalimentarias-andalucia.coop%2Fruralesyagrarias%2Frocio-ruiz-dominguez%2F|title:Roc%C3%ADo%20Ruiz%20Dom%C3%ADnguez\u00bb][\/vc_column][\/vc_row][vc_row full_width=\u00bbstretch_row\u00bb full_height=\u00bbyes\u00bb css=\u00bb.vc_custom_1634306654122{background-image: url(https:\/\/agroalimentarias-andalucia.coop\/ruralesyagrarias\/wp-content\/uploads\/2021\/10\/Clipboard02-1.jpg?id=543) !important;background-position: center !important;background-repeat: no-repeat !important;background-size: cover !important;}\u00bb][vc_column][vc_column_text]<\/p>\n<h2>Ocho agricultoras y ganaderas nos cuentan su historia. \u00a1Con\u00f3celas!<\/h2>\n<p>[\/vc_column_text][vc_row_inner][vc_column_inner width=\u00bb1\/4&#8243;][vc_single_image image=\u00bb505&#8243; img_size=\u00bb200&#215;200&#8243; alignment=\u00bbcenter\u00bb style=\u00bbvc_box_shadow_border\u00bb onclick=\u00bbcustom_link\u00bb css_animation=\u00bbfadeInUp\u00bb link=\u00bbhttps:\/\/agroalimentarias-andalucia.coop\/ruralesyagrarias\/ana-maria-fernandez-cayuela\/\u00bb][vc_column_text css_animation=\u00bbfadeInUp\u00bb css=\u00bb.vc_custom_1634216460399{margin-top: -10px !important;}\u00bb]<\/p>\n<p style=\"text-align: center;\">Almer\u00eda<\/p>\n<p>[\/vc_column_text][vc_single_image image=\u00bb393&#8243; img_size=\u00bb200&#215;200&#8243; alignment=\u00bbcenter\u00bb style=\u00bbvc_box_shadow_border\u00bb onclick=\u00bbcustom_link\u00bb css_animation=\u00bbfadeInUp\u00bb link=\u00bbhttps:\/\/agroalimentarias-andalucia.coop\/ruralesyagrarias\/carmen-fernandez-dominguez\/\u00bb][vc_column_text css_animation=\u00bbfadeInUp\u00bb css=\u00bb.vc_custom_1634216495294{margin-top: -10px !important;}\u00bb]<\/p>\n<p style=\"text-align: center;\">Huelva<\/p>\n<p>[\/vc_column_text][\/vc_column_inner][vc_column_inner width=\u00bb1\/4&#8243;][vc_single_image image=\u00bb388&#8243; img_size=\u00bb200&#215;200&#8243; alignment=\u00bbcenter\u00bb style=\u00bbvc_box_shadow_border\u00bb onclick=\u00bbcustom_link\u00bb css_animation=\u00bbfadeInUp\u00bb link=\u00bbhttps:\/\/agroalimentarias-andalucia.coop\/ruralesyagrarias\/isabel-ma-rubiales-gomez\/\u00bb][vc_column_text css_animation=\u00bbfadeInUp\u00bb css=\u00bb.vc_custom_1634216466679{margin-top: -10px !important;}\u00bb]<\/p>\n<p style=\"text-align: center;\">C\u00e1diz<\/p>\n<p>[\/vc_column_text][vc_single_image image=\u00bb486&#8243; img_size=\u00bb200&#215;200&#8243; alignment=\u00bbcenter\u00bb style=\u00bbvc_box_shadow_border\u00bb onclick=\u00bbcustom_link\u00bb css_animation=\u00bbfadeInUp\u00bb link=\u00bbhttps:\/\/agroalimentarias-andalucia.coop\/ruralesyagrarias\/isabel-fernandez\/\u00bb][vc_column_text css_animation=\u00bbfadeInUp\u00bb css=\u00bb.vc_custom_1634225764149{margin-top: -10px !important;}\u00bb]<\/p>\n<p style=\"text-align: center;\">Ja\u00e9n<\/p>\n<p>[\/vc_column_text][\/vc_column_inner][vc_column_inner width=\u00bb1\/4&#8243;][vc_single_image image=\u00bb411&#8243; img_size=\u00bb200&#215;200&#8243; alignment=\u00bbcenter\u00bb style=\u00bbvc_box_shadow_border\u00bb onclick=\u00bbcustom_link\u00bb css_animation=\u00bbfadeInUp\u00bb link=\u00bbhttps:\/\/agroalimentarias-andalucia.coop\/ruralesyagrarias\/ana-pilar-valverde-artero\/\u00bb][vc_column_text css_animation=\u00bbfadeInUp\u00bb css=\u00bb.vc_custom_1634216483257{margin-top: -10px !important;}\u00bb]<\/p>\n<p style=\"text-align: center;\">C\u00f3rdoba<\/p>\n<p>[\/vc_column_text][vc_single_image image=\u00bb422&#8243; img_size=\u00bb200&#215;200&#8243; alignment=\u00bbcenter\u00bb style=\u00bbvc_box_shadow_border\u00bb onclick=\u00bbcustom_link\u00bb css_animation=\u00bbfadeInUp\u00bb link=\u00bbhttps:\/\/agroalimentarias-andalucia.coop\/ruralesyagrarias\/carmen-maria-bernal-esparraga\/\u00bb][vc_column_text css_animation=\u00bbfadeInUp\u00bb css=\u00bb.vc_custom_1634216501885{margin-top: -10px !important;}\u00bb]<\/p>\n<p style=\"text-align: center;\">M\u00e1laga<\/p>\n<p>[\/vc_column_text][\/vc_column_inner][vc_column_inner width=\u00bb1\/4&#8243;][vc_single_image image=\u00bb540&#8243; img_size=\u00bb200&#215;200&#8243; alignment=\u00bbcenter\u00bb style=\u00bbvc_box_shadow_border\u00bb onclick=\u00bbcustom_link\u00bb css_animation=\u00bbfadeInUp\u00bb link=\u00bbhttps:\/\/agroalimentarias-andalucia.coop\/ruralesyagrarias\/ma-del-mar-morales-gomez\/\u00bb][vc_column_text css_animation=\u00bbfadeInUp\u00bb css=\u00bb.vc_custom_1634216490555{margin-top: -10px !important;}\u00bb]<\/p>\n<p style=\"text-align: center;\">Granada<\/p>\n<p>[\/vc_column_text][vc_single_image image=\u00bb496&#8243; img_size=\u00bb200&#215;200&#8243; alignment=\u00bbcenter\u00bb style=\u00bbvc_box_shadow_border\u00bb onclick=\u00bbcustom_link\u00bb css_animation=\u00bbfadeInUp\u00bb link=\u00bbhttps:\/\/agroalimentarias-andalucia.coop\/ruralesyagrarias\/carmen-navarro-silvan\/\u00bb][vc_column_text css_animation=\u00bbfadeInUp\u00bb css=\u00bb.vc_custom_1634216505796{margin-top: -10px !important;}\u00bb]<\/p>\n<p style=\"text-align: center;\">Sevilla<\/p>\n<p>[\/vc_column_text][\/vc_column_inner][\/vc_row_inner][\/vc_column][\/vc_row]<\/p>\n<\/div>","protected":false},"excerpt":{"rendered":"<p>[vc_row full_width=\u00bbstretch_row_content_no_spaces\u00bb][vc_column][vc_empty_space][\/vc_column][\/vc_row][vc_row full_width=\u00bbstretch_row_content\u00bb gap=\u00bb10&#8243; full_height=\u00bbyes\u00bb][vc_column width=\u00bb1\/4&#8243;][vc_single_image image=\u00bb530&#8243; img_size=\u00bb200&#215;200&#8243; alignment=\u00bbcenter\u00bb style=\u00bbvc_box_shadow_circle_2&#8243; onclick=\u00bbcustom_link\u00bb link=\u00bbhttps:\/\/agroalimentarias-andalucia.coop\/ruralesyagrarias\/carmen-crespo-diaz\/\u00bb][vc_column_text css=\u00bb.vc_custom_1634132235537{margin-top: -20px !important;}\u00bb] CARMEN CRESPO D\u00cdAZ Consejera de Agricultura, Ganader\u00eda, Pesca y Desarrollo Sostenible<span class=\"excerpt-hellip\"> [\u2026]<\/span><\/p>\n","protected":false},"author":1,"featured_media":0,"parent":0,"menu_order":0,"comment_status":"closed","ping_status":"closed","template":"","meta":{"footnotes":""},"class_list":["post-315","page","type-page","status-publish","hentry"],"_links":{"self":[{"href":"https:\/\/agroalimentarias-andalucia.coop\/ruralesyagrarias\/wp-json\/wp\/v2\/pages\/315","targetHints":{"allow":["GET"]}}],"collection":[{"href":"https:\/\/agroalimentarias-andalucia.coop\/ruralesyagrarias\/wp-json\/wp\/v2\/pages"}],"about":[{"href":"https:\/\/agroalimentarias-andalucia.coop\/ruralesyagrarias\/wp-json\/wp\/v2\/types\/page"}],"author":[{"embeddable":true,"href":"https:\/\/agroalimentarias-andalucia.coop\/ruralesyagrarias\/wp-json\/wp\/v2\/users\/1"}],"replies":[{"embeddable":true,"href":"https:\/\/agroalimentarias-andalucia.coop\/ruralesyagrarias\/wp-json\/wp\/v2\/comments?post=315"}],"version-history":[{"count":98,"href":"https:\/\/agroalimentarias-andalucia.coop\/ruralesyagrarias\/wp-json\/wp\/v2\/pages\/315\/revisions"}],"predecessor-version":[{"id":562,"href":"https:\/\/agroalimentarias-andalucia.coop\/ruralesyagrarias\/wp-json\/wp\/v2\/pages\/315\/revisions\/562"}],"wp:attachment":[{"href":"https:\/\/agroalimentarias-andalucia.coop\/ruralesyagrarias\/wp-json\/wp\/v2\/media?parent=315"}],"curies":[{"name":"wp","href":"https:\/\/api.w.org\/{rel}","templated":true}]}}